{"id":10508,"date":"2022-06-09T13:27:08","date_gmt":"2022-06-09T17:27:08","guid":{"rendered":"https:\/\/wheelchairvans.ca\/conversion-du-vehicule-dentree-arriere\/"},"modified":"2025-01-17T16:24:58","modified_gmt":"2025-01-17T21:24:58","slug":"conversion-du-vehicule-dentree-arriere","status":"publish","type":"page","link":"https:\/\/wheelchairvans.ca\/fr-ca\/conversion-du-vehicule-dentree-arriere\/","title":{"rendered":"Conversion du v\u00e9hicule d\u2019entr\u00e9e arri\u00e8re"},"content":{"rendered":"\t\t<div data-elementor-type=\"wp-page\" data-elementor-id=\"10508\" class=\"elementor elementor-10508 elementor-9328\" data-elementor-post-type=\"page\">\n\t\t\t\t\t\t<section class=\"elementor-section elementor-top-section elementor-element elementor-element-33877ec2 elementor-section-boxed elementor-section-height-default elementor-section-height-default\" data-id=\"33877ec2\" data-element_type=\"section\" data-e-type=\"section\" id=\"content\">\n\t\t\t\t\t\t<div class=\"elementor-container elementor-column-gap-default\">\n\t\t\t\t\t<div class=\"elementor-column elementor-col-100 elementor-top-column elementor-element elementor-element-3c5d2b45\" data-id=\"3c5d2b45\" data-element_type=\"column\" data-e-type=\"column\">\n\t\t\t<div class=\"elementor-widget-wrap elementor-element-populated\">\n\t\t\t\t\t\t<div class=\"elementor-element elementor-element-533627f4 elementor-widget-divider--view-line elementor-widget elementor-widget-divider\" data-id=\"533627f4\" data-element_type=\"widget\" data-e-type=\"widget\" data-widget_type=\"divider.default\">\n\t\t\t\t<div class=\"elementor-widget-container\">\n\t\t\t\t\t\t\t<div class=\"elementor-divider\">\n\t\t\t<span class=\"elementor-divider-separator\">\n\t\t\t\t\t\t<\/span>\n\t\t<\/div>\n\t\t\t\t\t\t<\/div>\n\t\t\t\t<\/div>\n\t\t\t\t\t<\/div>\n\t\t<\/div>\n\t\t\t\t\t<\/div>\n\t\t<\/section>\n\t\t\t\t<section class=\"elementor-section elementor-top-section elementor-element elementor-element-c7c8110 elementor-section-boxed elementor-section-height-default elementor-section-height-default\" data-id=\"c7c8110\" data-element_type=\"section\" data-e-type=\"section\">\n\t\t\t\t\t\t<div class=\"elementor-container elementor-column-gap-no\">\n\t\t\t\t\t<div class=\"elementor-column elementor-col-100 elementor-top-column elementor-element elementor-element-1d70e383\" data-id=\"1d70e383\" data-element_type=\"column\" data-e-type=\"column\">\n\t\t\t<div class=\"elementor-widget-wrap elementor-element-populated\">\n\t\t\t\t\t\t<div class=\"elementor-element elementor-element-3f3af5c2 elementor-widget elementor-widget-heading\" data-id=\"3f3af5c2\" data-element_type=\"widget\" data-e-type=\"widget\" data-widget_type=\"heading.default\">\n\t\t\t\t<div class=\"elementor-widget-container\">\n\t\t\t\t\t<h3 class=\"elementor-heading-title elementor-size-default\">Avec une rampe et une entr\u00e9e ultra larges, le v\u00e9hicule accueille facilement les passagers en fauteuil roulant pour entrer et sortir.<\/h3>\t\t\t\t<\/div>\n\t\t\t\t<\/div>\n\t\t\t\t\t<\/div>\n\t\t<\/div>\n\t\t\t\t\t<\/div>\n\t\t<\/section>\n\t\t\t\t<section class=\"elementor-section elementor-top-section elementor-element elementor-element-6a29f56c elementor-section-boxed elementor-section-height-default elementor-section-height-default\" data-id=\"6a29f56c\" data-element_type=\"section\" data-e-type=\"section\">\n\t\t\t\t\t\t<div class=\"elementor-container elementor-column-gap-no\">\n\t\t\t\t\t<div class=\"elementor-column elementor-col-33 elementor-top-column elementor-element elementor-element-3e0d8350\" data-id=\"3e0d8350\" data-element_type=\"column\" data-e-type=\"column\">\n\t\t\t<div class=\"elementor-widget-wrap elementor-element-populated\">\n\t\t\t\t\t\t<div class=\"elementor-element elementor-element-c6308e1 elementor-widget elementor-widget-text-editor\" data-id=\"c6308e1\" data-element_type=\"widget\" data-e-type=\"widget\" data-widget_type=\"text-editor.default\">\n\t\t\t\t<div class=\"elementor-widget-container\">\n\t\t\t\t\t\t\t\t\t<p>Que vous ayez besoin <a href=\"https:\/\/wheelchairvans.ca\/fr-ca\/fourgonnettes-commerciales\/\">d\u2019un v\u00e9hicule \u00e0 usage commercial<\/a> ou d\u2019une accessibilit\u00e9 \u00e0 usage familial, la conception d\u2019entr\u00e9e arri\u00e8re offre un acc\u00e8s facile pour les mod\u00e8les de mini-fourgonnettes Toyota Sienna, Dodge Caravan et Chrysler Pacifica.<\/p>\n\t\t\t\t\t\t\t\t<\/div>\n\t\t\t\t<\/div>\n\t\t\t\t\t<\/div>\n\t\t<\/div>\n\t\t\t\t<div class=\"elementor-column elementor-col-33 elementor-top-column elementor-element elementor-element-176f9b4c\" data-id=\"176f9b4c\" data-element_type=\"column\" data-e-type=\"column\">\n\t\t\t<div class=\"elementor-widget-wrap elementor-element-populated\">\n\t\t\t\t\t\t<div class=\"elementor-element elementor-element-2013c399 elementor-widget elementor-widget-text-editor\" data-id=\"2013c399\" data-element_type=\"widget\" data-e-type=\"widget\" data-widget_type=\"text-editor.default\">\n\t\t\t\t<div class=\"elementor-widget-container\">\n\t\t\t\t\t\t\t\t\t<p>La rampe l\u00e9g\u00e8re et facile \u00e0 d\u00e9ployer offre une pente douce et la hauteur d\u2019entr\u00e9e de 56 pouces offre suffisamment d\u2019espace pour l\u2019acc\u00e8s aux appareils de mobilit\u00e9, y compris les scooters.<\/p>\n\t\t\t\t\t\t\t\t<\/div>\n\t\t\t\t<\/div>\n\t\t\t\t\t<\/div>\n\t\t<\/div>\n\t\t\t\t<div class=\"elementor-column elementor-col-33 elementor-top-column elementor-element elementor-element-5d9f53e4\" data-id=\"5d9f53e4\" data-element_type=\"column\" data-e-type=\"column\">\n\t\t\t<div class=\"elementor-widget-wrap elementor-element-populated\">\n\t\t\t\t\t\t<div class=\"elementor-element elementor-element-29785028 elementor-widget elementor-widget-text-editor\" data-id=\"29785028\" data-element_type=\"widget\" data-e-type=\"widget\" data-widget_type=\"text-editor.default\">\n\t\t\t\t<div class=\"elementor-widget-container\">\n\t\t\t\t\t\t\t\t\t<p>Pour nos mod\u00e8les d\u2019entr\u00e9e arri\u00e8re \u00e0 plancher long, vous pouvez s\u00e9lectionner les options de si\u00e8ges les mieux adapt\u00e9es \u00e0 vos besoins, y compris les si\u00e8ges \u00e0 bascule lat\u00e9rale pour la deuxi\u00e8me rang\u00e9e.<\/p>\n\t\t\t\t\t\t\t\t<\/div>\n\t\t\t\t<\/div>\n\t\t\t\t\t<\/div>\n\t\t<\/div>\n\t\t\t\t\t<\/div>\n\t\t<\/section>\n\t\t\t\t<section class=\"elementor-section elementor-top-section elementor-element elementor-element-24dcbabc elementor-section-boxed elementor-section-height-default elementor-section-height-default\" data-id=\"24dcbabc\" data-element_type=\"section\" data-e-type=\"section\" data-settings=\"{&quot;background_background&quot;:&quot;classic&quot;}\">\n\t\t\t\t\t\t\t<div class=\"elementor-background-overlay\"><\/div>\n\t\t\t\t\t\t\t<div class=\"elementor-container elementor-column-gap-default\">\n\t\t\t\t\t<div class=\"elementor-column elementor-col-100 elementor-top-column elementor-element elementor-element-fb307ac\" data-id=\"fb307ac\" data-element_type=\"column\" data-e-type=\"column\">\n\t\t\t<div class=\"elementor-widget-wrap elementor-element-populated\">\n\t\t\t\t\t\t<div class=\"elementor-element elementor-element-6b2ba172 elementor-widget elementor-widget-heading\" data-id=\"6b2ba172\" data-element_type=\"widget\" data-e-type=\"widget\" data-widget_type=\"heading.default\">\n\t\t\t\t<div class=\"elementor-widget-container\">\n\t\t\t\t\t<h2 class=\"elementor-heading-title elementor-size-default\">Caract\u00e9ristiques<\/h2>\t\t\t\t<\/div>\n\t\t\t\t<\/div>\n\t\t\t\t\t<\/div>\n\t\t<\/div>\n\t\t\t\t\t<\/div>\n\t\t<\/section>\n\t\t\t\t<section class=\"elementor-section elementor-top-section elementor-element elementor-element-77dd5ae7 elementor-section-boxed elementor-section-height-default elementor-section-height-default\" data-id=\"77dd5ae7\" data-element_type=\"section\" data-e-type=\"section\">\n\t\t\t\t\t\t<div class=\"elementor-container elementor-column-gap-no\">\n\t\t\t\t\t<div class=\"elementor-column elementor-col-100 elementor-top-column elementor-element elementor-element-6e447db4\" data-id=\"6e447db4\" data-element_type=\"column\" data-e-type=\"column\">\n\t\t\t<div class=\"elementor-widget-wrap elementor-element-populated\">\n\t\t\t\t\t\t<div class=\"elementor-element elementor-element-7c71b0b elementor-widget elementor-widget-text-editor\" data-id=\"7c71b0b\" data-element_type=\"widget\" data-e-type=\"widget\" data-widget_type=\"text-editor.default\">\n\t\t\t\t<div class=\"elementor-widget-container\">\n\t\t\t\t\t\t\t\t\t<p style=\"text-align: center;\">Tous les mod\u00e8les sont construits avec un syst\u00e8me d\u2019arrimage manuel pour s\u00e9curiser l\u2019appareil de mobilit\u00e9, une garantie de 3 ans \/ 60 000 km, et sont construits pour r\u00e9pondre \u00e0 toutes les normes de s\u00e9curit\u00e9 am\u00e9ricaines et canadiennes (FMVSS \/ CMVSS) pour \u00eatre conforme \u00e0 la norme D409 et ADA. Nos conceptions ont toutes \u00e9t\u00e9 test\u00e9es avec succ\u00e8s. <\/p>\n\t\t\t\t\t\t\t\t<\/div>\n\t\t\t\t<\/div>\n\t\t\t\t\t<\/div>\n\t\t<\/div>\n\t\t\t\t\t<\/div>\n\t\t<\/section>\n\t\t\t\t<section class=\"elementor-section elementor-top-section elementor-element elementor-element-1164daf9 elementor-section-boxed elementor-section-height-default elementor-section-height-default\" data-id=\"1164daf9\" data-element_type=\"section\" data-e-type=\"section\">\n\t\t\t\t\t\t<div class=\"elementor-container elementor-column-gap-no\">\n\t\t\t\t\t<div class=\"elementor-column elementor-col-50 elementor-top-column elementor-element elementor-element-59f3e8a\" data-id=\"59f3e8a\" data-element_type=\"column\" data-e-type=\"column\">\n\t\t\t<div class=\"elementor-widget-wrap elementor-element-populated\">\n\t\t\t\t\t\t<div class=\"elementor-element elementor-element-3143eaf8 elementor-widget elementor-widget-heading\" data-id=\"3143eaf8\" data-element_type=\"widget\" data-e-type=\"widget\" data-widget_type=\"heading.default\">\n\t\t\t\t<div class=\"elementor-widget-container\">\n\t\t\t\t\t<h3 class=\"elementor-heading-title elementor-size-default\">Toyota Sienna Plancher court<\/h3>\t\t\t\t<\/div>\n\t\t\t\t<\/div>\n\t\t\t\t<div class=\"elementor-element elementor-element-505d7c9 elementor-widget elementor-widget-text-editor\" data-id=\"505d7c9\" data-element_type=\"widget\" data-e-type=\"widget\" data-widget_type=\"text-editor.default\">\n\t\t\t\t<div class=\"elementor-widget-container\">\n\t\t\t\t\t\t\t\t\t<p>La Toyota Sienna est construite avec une conduite silencieuse \u00e0 partir d\u2019une suspension et d\u2019un syst\u00e8me d\u2019\u00e9chappement d\u2019ing\u00e9nierie.<\/p>\n\t\t\t\t\t\t\t\t<\/div>\n\t\t\t\t<\/div>\n\t\t\t\t<div class=\"elementor-element elementor-element-84631dd elementor-icon-list--layout-traditional elementor-list-item-link-full_width elementor-widget elementor-widget-icon-list\" data-id=\"84631dd\" data-element_type=\"widget\" data-e-type=\"widget\" data-widget_type=\"icon-list.default\">\n\t\t\t\t<div class=\"elementor-widget-container\">\n\t\t\t\t\t\t\t<ul class=\"elementor-icon-list-items\">\n\t\t\t\t\t\t\t<li class=\"elementor-icon-list-item\">\n\t\t\t\t\t\t\t\t\t\t\t<span class=\"elementor-icon-list-icon\">\n\t\t\t\t\t\t\t<i aria-hidden=\"true\" class=\"fas fa-tint\"><\/i>\t\t\t\t\t\t<\/span>\n\t\t\t\t\t\t\t\t\t\t<span class=\"elementor-icon-list-text\">Un rev\u00eatement de sol et une rampe antid\u00e9rapants faciles \u00e0 entretenir peuvent \u00eatre nettoy\u00e9s<\/span>\n\t\t\t\t\t\t\t\t\t<\/li>\n\t\t\t\t\t\t\t\t<li class=\"elementor-icon-list-item\">\n\t\t\t\t\t\t\t\t\t\t\t<span class=\"elementor-icon-list-icon\">\n\t\t\t\t\t\t\t<i aria-hidden=\"true\" class=\"fas fa-volume-up\"><\/i>\t\t\t\t\t\t<\/span>\n\t\t\t\t\t\t\t\t\t\t<span class=\"elementor-icon-list-text\">D\u00e9tails d\u2019ajustement et de finition sup\u00e9rieurs<\/span>\n\t\t\t\t\t\t\t\t\t<\/li>\n\t\t\t\t\t\t\t\t<li class=\"elementor-icon-list-item\">\n\t\t\t\t\t\t\t\t\t\t\t<span class=\"elementor-icon-list-icon\">\n\t\t\t\t\t\t\t<i aria-hidden=\"true\" class=\"fas fa-lock\"><\/i>\t\t\t\t\t\t<\/span>\n\t\t\t\t\t\t\t\t\t\t<span class=\"elementor-icon-list-text\">Syst\u00e8me de verrouillage \u00e0 double verrouillage pour la s\u00e9curit\u00e9<\/span>\n\t\t\t\t\t\t\t\t\t<\/li>\n\t\t\t\t\t\t\t\t<li class=\"elementor-icon-list-item\">\n\t\t\t\t\t\t\t\t\t\t\t<span class=\"elementor-icon-list-icon\">\n\t\t\t\t\t\t\t<i aria-hidden=\"true\" class=\"fas fa-feather-alt\"><\/i>\t\t\t\t\t\t<\/span>\n\t\t\t\t\t\t\t\t\t\t<span class=\"elementor-icon-list-text\">La rampe l\u00e9g\u00e8re et pliante est facile \u00e0 ouvrir et \u00e0 fermer<\/span>\n\t\t\t\t\t\t\t\t\t<\/li>\n\t\t\t\t\t\t<\/ul>\n\t\t\t\t\t\t<\/div>\n\t\t\t\t<\/div>\n\t\t\t\t<div class=\"elementor-element elementor-element-5d3da6e elementor-widget elementor-widget-text-editor\" data-id=\"5d3da6e\" data-element_type=\"widget\" data-e-type=\"widget\" data-widget_type=\"text-editor.default\">\n\t\t\t\t<div class=\"elementor-widget-container\">\n\t\t\t\t\t\t\t\t\t<p>Avec le Sienna, vous pouvez configurer pour accueillir 4 \u00e0 5 passagers ambulatoires, plus la position du fauteuil roulant.<\/p>\n\t\t\t\t\t\t\t\t<\/div>\n\t\t\t\t<\/div>\n\t\t\t\t<div class=\"elementor-element elementor-element-c0b8d3b elementor-widget elementor-widget-text-editor\" data-id=\"c0b8d3b\" data-element_type=\"widget\" data-e-type=\"widget\" data-widget_type=\"text-editor.default\">\n\t\t\t\t<div class=\"elementor-widget-container\">\n\t\t\t\t\t\t\t\t\t<p><strong>Options suppl\u00e9mentaires :<\/strong><\/p>\n\t\t\t\t\t\t\t\t<\/div>\n\t\t\t\t<\/div>\n\t\t\t\t<div class=\"elementor-element elementor-element-401cdc4 elementor-icon-list--layout-traditional elementor-list-item-link-full_width elementor-widget elementor-widget-icon-list\" data-id=\"401cdc4\" data-element_type=\"widget\" data-e-type=\"widget\" data-widget_type=\"icon-list.default\">\n\t\t\t\t<div class=\"elementor-widget-container\">\n\t\t\t\t\t\t\t<ul class=\"elementor-icon-list-items\">\n\t\t\t\t\t\t\t<li class=\"elementor-icon-list-item\">\n\t\t\t\t\t\t\t\t\t\t\t<span class=\"elementor-icon-list-icon\">\n\t\t\t\t\t\t\t<i aria-hidden=\"true\" class=\"icongear-custom icon-gear-customcog\"><\/i>\t\t\t\t\t\t<\/span>\n\t\t\t\t\t\t\t\t\t\t<span class=\"elementor-icon-list-text\">R\u00e9tracteurs extra-longs&nbsp;: r\u00e9tracteurs de 10' pour permettre une fixation facile dans la zone de la rampe, plut\u00f4t qu\u2019\u00e0 l\u2019int\u00e9rieur du v\u00e9hicule<\/span>\n\t\t\t\t\t\t\t\t\t<\/li>\n\t\t\t\t\t\t<\/ul>\n\t\t\t\t\t\t<\/div>\n\t\t\t\t<\/div>\n\t\t\t\t\t<\/div>\n\t\t<\/div>\n\t\t\t\t<div class=\"elementor-column elementor-col-50 elementor-top-column elementor-element elementor-element-69e1fa42\" data-id=\"69e1fa42\" data-element_type=\"column\" data-e-type=\"column\">\n\t\t\t<div class=\"elementor-widget-wrap elementor-element-populated\">\n\t\t\t\t\t\t<div class=\"elementor-element elementor-element-7f78718 elementor-widget elementor-widget-image\" data-id=\"7f78718\" data-element_type=\"widget\" data-e-type=\"widget\" data-widget_type=\"image.default\">\n\t\t\t\t<div class=\"elementor-widget-container\">\n\t\t\t\t\t\t\t\t\t\t\t\t\t\t\t<img fetchpriority=\"high\" decoding=\"async\" width=\"1095\" height=\"624\" src=\"https:\/\/wheelchairvans.ca\/wp-content\/uploads\/2022\/10\/toyota-sienna-rear-entry.png\" class=\"attachment-full size-full wp-image-10516\" alt=\"\" srcset=\"https:\/\/wheelchairvans.ca\/wp-content\/uploads\/2022\/10\/toyota-sienna-rear-entry.png 1095w, https:\/\/wheelchairvans.ca\/wp-content\/uploads\/2022\/10\/toyota-sienna-rear-entry-300x171.png 300w, https:\/\/wheelchairvans.ca\/wp-content\/uploads\/2022\/10\/toyota-sienna-rear-entry-1024x584.png 1024w, https:\/\/wheelchairvans.ca\/wp-content\/uploads\/2022\/10\/toyota-sienna-rear-entry-768x438.png 768w, https:\/\/wheelchairvans.ca\/wp-content\/uploads\/2022\/10\/toyota-sienna-rear-entry-600x342.png 600w\" sizes=\"(max-width: 1095px) 100vw, 1095px\" \/>\t\t\t\t\t\t\t\t\t\t\t\t\t\t\t<\/div>\n\t\t\t\t<\/div>\n\t\t\t\t<div class=\"elementor-element elementor-element-59b12781 elementor-widget-divider--view-line_icon elementor-view-default elementor-widget-divider--element-align-center elementor-widget elementor-widget-divider\" data-id=\"59b12781\" data-element_type=\"widget\" data-e-type=\"widget\" data-widget_type=\"divider.default\">\n\t\t\t\t<div class=\"elementor-widget-container\">\n\t\t\t\t\t\t\t<div class=\"elementor-divider\">\n\t\t\t<span class=\"elementor-divider-separator\">\n\t\t\t\t\t\t\t<div class=\"elementor-icon elementor-divider__element\">\n\t\t\t\t\t<i aria-hidden=\"true\" class=\"fas fa-angle-double-down\"><\/i><\/div>\n\t\t\t\t\t\t<\/span>\n\t\t<\/div>\n\t\t\t\t\t\t<\/div>\n\t\t\t\t<\/div>\n\t\t\t\t<div class=\"elementor-element elementor-element-fa65bc6 elementor-widget elementor-widget-text-editor\" data-id=\"fa65bc6\" data-element_type=\"widget\" data-e-type=\"widget\" data-widget_type=\"text-editor.default\">\n\t\t\t\t<div class=\"elementor-widget-container\">\n\t\t\t\t\t\t\t\t\t<p>La conception du plancher abaiss\u00e9 s\u2019\u00e9tend sur 62 \u00ab&nbsp;de long par 36&nbsp;\u00bb<br \/>Disponible pour les mod\u00e8les 2018 &#8211; 2020<\/p>\n\t\t\t\t\t\t\t\t<\/div>\n\t\t\t\t<\/div>\n\t\t\t\t\t<\/div>\n\t\t<\/div>\n\t\t\t\t\t<\/div>\n\t\t<\/section>\n\t\t\t\t<section class=\"elementor-section elementor-top-section elementor-element elementor-element-495e7887 elementor-reverse-mobile elementor-section-boxed elementor-section-height-default elementor-section-height-default\" data-id=\"495e7887\" data-element_type=\"section\" data-e-type=\"section\" data-settings=\"{&quot;background_background&quot;:&quot;classic&quot;}\">\n\t\t\t\t\t\t<div class=\"elementor-container elementor-column-gap-no\">\n\t\t\t\t\t<div class=\"elementor-column elementor-col-50 elementor-top-column elementor-element elementor-element-229712fd\" data-id=\"229712fd\" data-element_type=\"column\" data-e-type=\"column\">\n\t\t\t<div class=\"elementor-widget-wrap elementor-element-populated\">\n\t\t\t\t\t\t<div class=\"elementor-element elementor-element-34ee98 elementor-widget elementor-widget-image\" data-id=\"34ee98\" data-element_type=\"widget\" data-e-type=\"widget\" data-widget_type=\"image.default\">\n\t\t\t\t<div class=\"elementor-widget-container\">\n\t\t\t\t\t\t\t\t\t\t\t\t\t\t\t<img decoding=\"async\" width=\"1060\" height=\"640\" src=\"https:\/\/wheelchairvans.ca\/wp-content\/uploads\/2022\/10\/dodge-grand-caravan-rear-entry.png\" class=\"attachment-full size-full wp-image-10517\" alt=\"\" srcset=\"https:\/\/wheelchairvans.ca\/wp-content\/uploads\/2022\/10\/dodge-grand-caravan-rear-entry.png 1060w, https:\/\/wheelchairvans.ca\/wp-content\/uploads\/2022\/10\/dodge-grand-caravan-rear-entry-300x181.png 300w, https:\/\/wheelchairvans.ca\/wp-content\/uploads\/2022\/10\/dodge-grand-caravan-rear-entry-1024x618.png 1024w, https:\/\/wheelchairvans.ca\/wp-content\/uploads\/2022\/10\/dodge-grand-caravan-rear-entry-768x464.png 768w, https:\/\/wheelchairvans.ca\/wp-content\/uploads\/2022\/10\/dodge-grand-caravan-rear-entry-600x362.png 600w\" sizes=\"(max-width: 1060px) 100vw, 1060px\" \/>\t\t\t\t\t\t\t\t\t\t\t\t\t\t\t<\/div>\n\t\t\t\t<\/div>\n\t\t\t\t<div class=\"elementor-element elementor-element-9461656 elementor-widget-divider--view-line_icon elementor-view-default elementor-widget-divider--element-align-center elementor-widget elementor-widget-divider\" data-id=\"9461656\" data-element_type=\"widget\" data-e-type=\"widget\" data-widget_type=\"divider.default\">\n\t\t\t\t<div class=\"elementor-widget-container\">\n\t\t\t\t\t\t\t<div class=\"elementor-divider\">\n\t\t\t<span class=\"elementor-divider-separator\">\n\t\t\t\t\t\t\t<div class=\"elementor-icon elementor-divider__element\">\n\t\t\t\t\t<i aria-hidden=\"true\" class=\"fas fa-angle-double-down\"><\/i><\/div>\n\t\t\t\t\t\t<\/span>\n\t\t<\/div>\n\t\t\t\t\t\t<\/div>\n\t\t\t\t<\/div>\n\t\t\t\t<div class=\"elementor-element elementor-element-6a5a99ea elementor-widget elementor-widget-text-editor\" data-id=\"6a5a99ea\" data-element_type=\"widget\" data-e-type=\"widget\" data-widget_type=\"text-editor.default\">\n\t\t\t\t<div class=\"elementor-widget-container\">\n\t\t\t\t\t\t\t\t\t<p style=\"text-align: center;\">La conception du plancher abaiss\u00e9 s\u2019\u00e9tend sur 96 \u00ab&nbsp;de long par 34&nbsp;\u00bb<br \/>Disponible pour les mod\u00e8les 2018 &#8211; 2020<\/p>\n\t\t\t\t\t\t\t\t<\/div>\n\t\t\t\t<\/div>\n\t\t\t\t\t<\/div>\n\t\t<\/div>\n\t\t\t\t<div class=\"elementor-column elementor-col-50 elementor-top-column elementor-element elementor-element-7fbb3ca9\" data-id=\"7fbb3ca9\" data-element_type=\"column\" data-e-type=\"column\">\n\t\t\t<div class=\"elementor-widget-wrap elementor-element-populated\">\n\t\t\t\t\t\t<div class=\"elementor-element elementor-element-56f8057f elementor-widget elementor-widget-heading\" data-id=\"56f8057f\" data-element_type=\"widget\" data-e-type=\"widget\" data-widget_type=\"heading.default\">\n\t\t\t\t<div class=\"elementor-widget-container\">\n\t\t\t\t\t<h3 class=\"elementor-heading-title elementor-size-default\">Dodge Grand Caravan Long Plancher<\/h3>\t\t\t\t<\/div>\n\t\t\t\t<\/div>\n\t\t\t\t<div class=\"elementor-element elementor-element-f535f9b elementor-icon-list--layout-traditional elementor-list-item-link-full_width elementor-widget elementor-widget-icon-list\" data-id=\"f535f9b\" data-element_type=\"widget\" data-e-type=\"widget\" data-widget_type=\"icon-list.default\">\n\t\t\t\t<div class=\"elementor-widget-container\">\n\t\t\t\t\t\t\t<ul class=\"elementor-icon-list-items\">\n\t\t\t\t\t\t\t<li class=\"elementor-icon-list-item\">\n\t\t\t\t\t\t\t\t\t\t\t<span class=\"elementor-icon-list-icon\">\n\t\t\t\t\t\t\t<i aria-hidden=\"true\" class=\"fas fa-user-plus\"><\/i>\t\t\t\t\t\t<\/span>\n\t\t\t\t\t\t\t\t\t\t<span class=\"elementor-icon-list-text\">Les options de si\u00e8ges incluent des si\u00e8ges rabattables de deuxi\u00e8me rang\u00e9e sur le c\u00f4t\u00e9<\/span>\n\t\t\t\t\t\t\t\t\t<\/li>\n\t\t\t\t\t\t\t\t<li class=\"elementor-icon-list-item\">\n\t\t\t\t\t\t\t\t\t\t\t<span class=\"elementor-icon-list-icon\">\n\t\t\t\t\t\t\t<i aria-hidden=\"true\" class=\"fas fa-user-friends\"><\/i>\t\t\t\t\t\t<\/span>\n\t\t\t\t\t\t\t\t\t\t<span class=\"elementor-icon-list-text\">Accueille deux passagers en fauteuil roulant<\/span>\n\t\t\t\t\t\t\t\t\t<\/li>\n\t\t\t\t\t\t\t\t<li class=\"elementor-icon-list-item\">\n\t\t\t\t\t\t\t\t\t\t\t<span class=\"elementor-icon-list-icon\">\n\t\t\t\t\t\t\t<i aria-hidden=\"true\" class=\"fas fa-volume-up\"><\/i>\t\t\t\t\t\t<\/span>\n\t\t\t\t\t\t\t\t\t\t<span class=\"elementor-icon-list-text\">D\u00e9tails d\u2019ajustement et de finition sup\u00e9rieurs<\/span>\n\t\t\t\t\t\t\t\t\t<\/li>\n\t\t\t\t\t\t\t\t<li class=\"elementor-icon-list-item\">\n\t\t\t\t\t\t\t\t\t\t\t<span class=\"elementor-icon-list-icon\">\n\t\t\t\t\t\t\t<i aria-hidden=\"true\" class=\"fas fa-lock\"><\/i>\t\t\t\t\t\t<\/span>\n\t\t\t\t\t\t\t\t\t\t<span class=\"elementor-icon-list-text\">Dot\u00e9 d\u2019un syst\u00e8me de verrouillage \u00e0 double verrouillage pour la s\u00e9curit\u00e9<\/span>\n\t\t\t\t\t\t\t\t\t<\/li>\n\t\t\t\t\t\t\t\t<li class=\"elementor-icon-list-item\">\n\t\t\t\t\t\t\t\t\t\t\t<span class=\"elementor-icon-list-icon\">\n\t\t\t\t\t\t\t<i aria-hidden=\"true\" class=\"fas fa-feather-alt\"><\/i>\t\t\t\t\t\t<\/span>\n\t\t\t\t\t\t\t\t\t\t<span class=\"elementor-icon-list-text\">Construit avec une rampe l\u00e9g\u00e8re et bi-pliante qui est facile \u00e0 ouvrir et \u00e0 fermer<\/span>\n\t\t\t\t\t\t\t\t\t<\/li>\n\t\t\t\t\t\t<\/ul>\n\t\t\t\t\t\t<\/div>\n\t\t\t\t<\/div>\n\t\t\t\t<div class=\"elementor-element elementor-element-6e1870d elementor-widget elementor-widget-text-editor\" data-id=\"6e1870d\" data-element_type=\"widget\" data-e-type=\"widget\" data-widget_type=\"text-editor.default\">\n\t\t\t\t<div class=\"elementor-widget-container\">\n\t\t\t\t\t\t\t\t\t<p><strong>Options suppl\u00e9mentaires :<\/strong><\/p>\n\t\t\t\t\t\t\t\t<\/div>\n\t\t\t\t<\/div>\n\t\t\t\t<div class=\"elementor-element elementor-element-f2baacf elementor-icon-list--layout-traditional elementor-list-item-link-full_width elementor-widget elementor-widget-icon-list\" data-id=\"f2baacf\" data-element_type=\"widget\" data-e-type=\"widget\" data-widget_type=\"icon-list.default\">\n\t\t\t\t<div class=\"elementor-widget-container\">\n\t\t\t\t\t\t\t<ul class=\"elementor-icon-list-items\">\n\t\t\t\t\t\t\t<li class=\"elementor-icon-list-item\">\n\t\t\t\t\t\t\t\t\t\t\t<span class=\"elementor-icon-list-icon\">\n\t\t\t\t\t\t\t<i aria-hidden=\"true\" class=\"icongear-custom icon-gear-customcog\"><\/i>\t\t\t\t\t\t<\/span>\n\t\t\t\t\t\t\t\t\t\t<span class=\"elementor-icon-list-text\">R\u00e9tracteurs de 13' pour permettre une fixation facile dans la zone de la rampe, plut\u00f4t qu\u2019\u00e0 l\u2019int\u00e9rieur du v\u00e9hicule, et un bac de rangement avec une plaque de pied<\/span>\n\t\t\t\t\t\t\t\t\t<\/li>\n\t\t\t\t\t\t<\/ul>\n\t\t\t\t\t\t<\/div>\n\t\t\t\t<\/div>\n\t\t\t\t\t<\/div>\n\t\t<\/div>\n\t\t\t\t\t<\/div>\n\t\t<\/section>\n\t\t\t\t<section class=\"elementor-section elementor-top-section elementor-element elementor-element-ee2b8cb elementor-section-boxed elementor-section-height-default elementor-section-height-default\" data-id=\"ee2b8cb\" data-element_type=\"section\" data-e-type=\"section\">\n\t\t\t\t\t\t<div class=\"elementor-container elementor-column-gap-no\">\n\t\t\t\t\t<div class=\"elementor-column elementor-col-50 elementor-top-column elementor-element elementor-element-1aab911\" data-id=\"1aab911\" data-element_type=\"column\" data-e-type=\"column\">\n\t\t\t<div class=\"elementor-widget-wrap elementor-element-populated\">\n\t\t\t\t\t\t<div class=\"elementor-element elementor-element-b54ac28 elementor-widget elementor-widget-heading\" data-id=\"b54ac28\" data-element_type=\"widget\" data-e-type=\"widget\" data-widget_type=\"heading.default\">\n\t\t\t\t<div class=\"elementor-widget-container\">\n\t\t\t\t\t<h3 class=\"elementor-heading-title elementor-size-default\">Chrysler Pacifica Long Floor<\/h3>\t\t\t\t<\/div>\n\t\t\t\t<\/div>\n\t\t\t\t<div class=\"elementor-element elementor-element-a5bc858 elementor-icon-list--layout-traditional elementor-list-item-link-full_width elementor-widget elementor-widget-icon-list\" data-id=\"a5bc858\" data-element_type=\"widget\" data-e-type=\"widget\" data-widget_type=\"icon-list.default\">\n\t\t\t\t<div class=\"elementor-widget-container\">\n\t\t\t\t\t\t\t<ul class=\"elementor-icon-list-items\">\n\t\t\t\t\t\t\t<li class=\"elementor-icon-list-item\">\n\t\t\t\t\t\t\t\t\t\t\t<span class=\"elementor-icon-list-icon\">\n\t\t\t\t\t\t\t<i aria-hidden=\"true\" class=\"fas fa-user-plus\"><\/i>\t\t\t\t\t\t<\/span>\n\t\t\t\t\t\t\t\t\t\t<span class=\"elementor-icon-list-text\">Les options de si\u00e8ges incluent des si\u00e8ges rabattables de deuxi\u00e8me rang\u00e9e sur le c\u00f4t\u00e9<\/span>\n\t\t\t\t\t\t\t\t\t<\/li>\n\t\t\t\t\t\t\t\t<li class=\"elementor-icon-list-item\">\n\t\t\t\t\t\t\t\t\t\t\t<span class=\"elementor-icon-list-icon\">\n\t\t\t\t\t\t\t<i aria-hidden=\"true\" class=\"fas fa-user-friends\"><\/i>\t\t\t\t\t\t<\/span>\n\t\t\t\t\t\t\t\t\t\t<span class=\"elementor-icon-list-text\">Accueille deux passagers en fauteuil roulant<\/span>\n\t\t\t\t\t\t\t\t\t<\/li>\n\t\t\t\t\t\t\t\t<li class=\"elementor-icon-list-item\">\n\t\t\t\t\t\t\t\t\t\t\t<span class=\"elementor-icon-list-icon\">\n\t\t\t\t\t\t\t<i aria-hidden=\"true\" class=\"fas fa-shield-alt\"><\/i>\t\t\t\t\t\t<\/span>\n\t\t\t\t\t\t\t\t\t\t<span class=\"elementor-icon-list-text\">Plancher en acier inoxydable pour une r\u00e9sistance sup\u00e9rieure \u00e0 la rouille<\/span>\n\t\t\t\t\t\t\t\t\t<\/li>\n\t\t\t\t\t\t\t\t<li class=\"elementor-icon-list-item\">\n\t\t\t\t\t\t\t\t\t\t\t<span class=\"elementor-icon-list-icon\">\n\t\t\t\t\t\t\t<i aria-hidden=\"true\" class=\"fas fa-gem\"><\/i>\t\t\t\t\t\t<\/span>\n\t\t\t\t\t\t\t\t\t\t<span class=\"elementor-icon-list-text\">Finition de luxe comprenant des panneaux lat\u00e9raux int\u00e9rieurs moul\u00e9s<\/span>\n\t\t\t\t\t\t\t\t\t<\/li>\n\t\t\t\t\t\t\t\t<li class=\"elementor-icon-list-item\">\n\t\t\t\t\t\t\t\t\t\t\t<span class=\"elementor-icon-list-icon\">\n\t\t\t\t\t\t\t<i aria-hidden=\"true\" class=\"fas fa-check-double\"><\/i>\t\t\t\t\t\t<\/span>\n\t\t\t\t\t\t\t\t\t\t<span class=\"elementor-icon-list-text\">Double loquet, rampe arri\u00e8re facile \u00e0 d\u00e9ployer<\/span>\n\t\t\t\t\t\t\t\t\t<\/li>\n\t\t\t\t\t\t<\/ul>\n\t\t\t\t\t\t<\/div>\n\t\t\t\t<\/div>\n\t\t\t\t<div class=\"elementor-element elementor-element-f34a2e8 elementor-widget elementor-widget-text-editor\" data-id=\"f34a2e8\" data-element_type=\"widget\" data-e-type=\"widget\" data-widget_type=\"text-editor.default\">\n\t\t\t\t<div class=\"elementor-widget-container\">\n\t\t\t\t\t\t\t\t\t<p><strong>Options suppl\u00e9mentaires :<\/strong><\/p>\n\t\t\t\t\t\t\t\t<\/div>\n\t\t\t\t<\/div>\n\t\t\t\t<div class=\"elementor-element elementor-element-09e1482 elementor-icon-list--layout-traditional elementor-list-item-link-full_width elementor-widget elementor-widget-icon-list\" data-id=\"09e1482\" data-element_type=\"widget\" data-e-type=\"widget\" data-widget_type=\"icon-list.default\">\n\t\t\t\t<div class=\"elementor-widget-container\">\n\t\t\t\t\t\t\t<ul class=\"elementor-icon-list-items\">\n\t\t\t\t\t\t\t<li class=\"elementor-icon-list-item\">\n\t\t\t\t\t\t\t\t\t\t\t<span class=\"elementor-icon-list-icon\">\n\t\t\t\t\t\t\t<i aria-hidden=\"true\" class=\"icongear-custom icon-gear-customcog\"><\/i>\t\t\t\t\t\t<\/span>\n\t\t\t\t\t\t\t\t\t\t<span class=\"elementor-icon-list-text\">R\u00e9tracteurs de 14' pour permettre une fixation facile dans la zone de la rampe, plut\u00f4t qu\u2019\u00e0 l\u2019int\u00e9rieur du v\u00e9hicule<\/span>\n\t\t\t\t\t\t\t\t\t<\/li>\n\t\t\t\t\t\t<\/ul>\n\t\t\t\t\t\t<\/div>\n\t\t\t\t<\/div>\n\t\t\t\t\t<\/div>\n\t\t<\/div>\n\t\t\t\t<div class=\"elementor-column elementor-col-50 elementor-top-column elementor-element elementor-element-fb1bcd6\" data-id=\"fb1bcd6\" data-element_type=\"column\" data-e-type=\"column\">\n\t\t\t<div class=\"elementor-widget-wrap elementor-element-populated\">\n\t\t\t\t\t\t<div class=\"elementor-element elementor-element-0b6e7cc elementor-widget elementor-widget-image\" data-id=\"0b6e7cc\" data-element_type=\"widget\" data-e-type=\"widget\" data-widget_type=\"image.default\">\n\t\t\t\t<div class=\"elementor-widget-container\">\n\t\t\t\t\t\t\t\t\t\t\t\t\t\t\t<img decoding=\"async\" width=\"1161\" height=\"704\" src=\"https:\/\/wheelchairvans.ca\/wp-content\/uploads\/2022\/10\/chrysler-pacifica-rear-entry.png\" class=\"attachment-full size-full wp-image-10515\" alt=\"\" srcset=\"https:\/\/wheelchairvans.ca\/wp-content\/uploads\/2022\/10\/chrysler-pacifica-rear-entry.png 1161w, https:\/\/wheelchairvans.ca\/wp-content\/uploads\/2022\/10\/chrysler-pacifica-rear-entry-300x182.png 300w, https:\/\/wheelchairvans.ca\/wp-content\/uploads\/2022\/10\/chrysler-pacifica-rear-entry-1024x621.png 1024w, https:\/\/wheelchairvans.ca\/wp-content\/uploads\/2022\/10\/chrysler-pacifica-rear-entry-768x466.png 768w, https:\/\/wheelchairvans.ca\/wp-content\/uploads\/2022\/10\/chrysler-pacifica-rear-entry-600x364.png 600w\" sizes=\"(max-width: 1161px) 100vw, 1161px\" \/>\t\t\t\t\t\t\t\t\t\t\t\t\t\t\t<\/div>\n\t\t\t\t<\/div>\n\t\t\t\t<div class=\"elementor-element elementor-element-9dcc86d elementor-widget-divider--view-line_icon elementor-view-default elementor-widget-divider--element-align-center elementor-widget elementor-widget-divider\" data-id=\"9dcc86d\" data-element_type=\"widget\" data-e-type=\"widget\" data-widget_type=\"divider.default\">\n\t\t\t\t<div class=\"elementor-widget-container\">\n\t\t\t\t\t\t\t<div class=\"elementor-divider\">\n\t\t\t<span class=\"elementor-divider-separator\">\n\t\t\t\t\t\t\t<div class=\"elementor-icon elementor-divider__element\">\n\t\t\t\t\t<i aria-hidden=\"true\" class=\"fas fa-angle-double-down\"><\/i><\/div>\n\t\t\t\t\t\t<\/span>\n\t\t<\/div>\n\t\t\t\t\t\t<\/div>\n\t\t\t\t<\/div>\n\t\t\t\t<div class=\"elementor-element elementor-element-8e6bdd4 elementor-widget elementor-widget-text-editor\" data-id=\"8e6bdd4\" data-element_type=\"widget\" data-e-type=\"widget\" data-widget_type=\"text-editor.default\">\n\t\t\t\t<div class=\"elementor-widget-container\">\n\t\t\t\t\t\t\t\t\t<p>La conception du plancher abaiss\u00e9 s\u2019\u00e9tend sur 96 \u00ab&nbsp;de long par 34&nbsp;\u00bb<br \/>Disponible pour les mod\u00e8les 2018+<\/p>\n\t\t\t\t\t\t\t\t<\/div>\n\t\t\t\t<\/div>\n\t\t\t\t\t<\/div>\n\t\t<\/div>\n\t\t\t\t\t<\/div>\n\t\t<\/section>\n\t\t\t\t<section class=\"elementor-section elementor-top-section elementor-element elementor-element-7a33609a elementor-section-boxed elementor-section-height-default elementor-section-height-default\" data-id=\"7a33609a\" data-element_type=\"section\" data-e-type=\"section\" id=\"seatingoptions\" data-settings=\"{&quot;background_background&quot;:&quot;classic&quot;}\">\n\t\t\t\t\t\t\t<div class=\"elementor-background-overlay\"><\/div>\n\t\t\t\t\t\t\t<div class=\"elementor-container elementor-column-gap-default\">\n\t\t\t\t\t<div class=\"elementor-column elementor-col-100 elementor-top-column elementor-element elementor-element-1f3f7cc7\" data-id=\"1f3f7cc7\" data-element_type=\"column\" data-e-type=\"column\">\n\t\t\t<div class=\"elementor-widget-wrap elementor-element-populated\">\n\t\t\t\t\t\t<div class=\"elementor-element elementor-element-1aa0f53e elementor-widget elementor-widget-heading\" data-id=\"1aa0f53e\" data-element_type=\"widget\" data-e-type=\"widget\" data-widget_type=\"heading.default\">\n\t\t\t\t<div class=\"elementor-widget-container\">\n\t\t\t\t\t<h2 class=\"elementor-heading-title elementor-size-default\">Options de si\u00e8ges<\/h2>\t\t\t\t<\/div>\n\t\t\t\t<\/div>\n\t\t\t\t\t<\/div>\n\t\t<\/div>\n\t\t\t\t\t<\/div>\n\t\t<\/section>\n\t\t\t\t<section class=\"elementor-section elementor-top-section elementor-element elementor-element-2e789dfa elementor-section-boxed elementor-section-height-default elementor-section-height-default\" data-id=\"2e789dfa\" data-element_type=\"section\" data-e-type=\"section\">\n\t\t\t\t\t\t<div class=\"elementor-container elementor-column-gap-no\">\n\t\t\t\t\t<div class=\"elementor-column elementor-col-100 elementor-top-column elementor-element elementor-element-1747cd79\" data-id=\"1747cd79\" data-element_type=\"column\" data-e-type=\"column\">\n\t\t\t<div class=\"elementor-widget-wrap elementor-element-populated\">\n\t\t\t\t\t\t<div class=\"elementor-element elementor-element-77f9e85 elementor-widget elementor-widget-heading\" data-id=\"77f9e85\" data-element_type=\"widget\" data-e-type=\"widget\" data-widget_type=\"heading.default\">\n\t\t\t\t<div class=\"elementor-widget-container\">\n\t\t\t\t\t<h3 class=\"elementor-heading-title elementor-size-default\">Une vari\u00e9t\u00e9 d\u2019options de si\u00e8ges sont disponibles pour r\u00e9pondre \u00e0 vos besoins sp\u00e9cifiques&nbsp;!<\/h3>\t\t\t\t<\/div>\n\t\t\t\t<\/div>\n\t\t\t\t<div class=\"elementor-element elementor-element-3080a0a elementor-widget elementor-widget-text-editor\" data-id=\"3080a0a\" data-element_type=\"widget\" data-e-type=\"widget\" data-widget_type=\"text-editor.default\">\n\t\t\t\t<div class=\"elementor-widget-container\">\n\t\t\t\t\t\t\t\t\t<div id=\"pg-58-10\" class=\"panel-grid panel-has-style\">\n<div class=\"siteorigin-panels-stretch panel-row-style panel-row-style-for-58-10\" data-stretch-type=\"full\" data-overlay=\"true\">\n<div id=\"pgc-58-10-0\" class=\"panel-grid-cell\">\n<div id=\"panel-58-10-0-0\" class=\"so-panel widget widget_black-studio-tinymce widget_black_studio_tinymce panel-first-child panel-last-child\" data-index=\"26\">\n<div class=\"textwidget\">\n<p style=\"text-align: center;\">Les v\u00e9hicules d\u2019entr\u00e9e arri\u00e8re disposent de nombreuses options de si\u00e8ges. Voir ci-dessous pour les options et la disponibilit\u00e9 par mod\u00e8le. <\/p>\n<\/div>\n<\/div>\n<\/div>\n<\/div>\n<\/div>\n\t\t\t\t\t\t\t\t<\/div>\n\t\t\t\t<\/div>\n\t\t\t\t<section class=\"elementor-section elementor-inner-section elementor-element elementor-element-7f8d808f elementor-section-boxed elementor-section-height-default elementor-section-height-default\" data-id=\"7f8d808f\" data-element_type=\"section\" data-e-type=\"section\">\n\t\t\t\t\t\t<div class=\"elementor-container elementor-column-gap-default\">\n\t\t\t\t\t<div class=\"elementor-column elementor-col-25 elementor-inner-column elementor-element elementor-element-a2e4cb5\" data-id=\"a2e4cb5\" data-element_type=\"column\" data-e-type=\"column\" data-settings=\"{&quot;background_background&quot;:&quot;classic&quot;}\">\n\t\t\t<div class=\"elementor-widget-wrap elementor-element-populated\">\n\t\t\t\t\t\t<div class=\"elementor-element elementor-element-29a46e30 elementor-widget elementor-widget-heading\" data-id=\"29a46e30\" data-element_type=\"widget\" data-e-type=\"widget\" data-widget_type=\"heading.default\">\n\t\t\t\t<div class=\"elementor-widget-container\">\n\t\t\t\t\t<h4 class=\"elementor-heading-title elementor-size-default\">7 Passagers<\/h4>\t\t\t\t<\/div>\n\t\t\t\t<\/div>\n\t\t\t\t<div class=\"elementor-element elementor-element-45888010 elementor-widget elementor-widget-image\" data-id=\"45888010\" data-element_type=\"widget\" data-e-type=\"widget\" data-widget_type=\"image.default\">\n\t\t\t\t<div class=\"elementor-widget-container\">\n\t\t\t\t\t\t\t\t\t\t\t\t\t\t\t<img loading=\"lazy\" decoding=\"async\" width=\"400\" height=\"180\" src=\"https:\/\/wheelchairvans.ca\/wp-content\/uploads\/2022\/10\/7-w-optional-seating.png\" class=\"attachment-full size-full wp-image-10511\" alt=\"\" srcset=\"https:\/\/wheelchairvans.ca\/wp-content\/uploads\/2022\/10\/7-w-optional-seating.png 400w, https:\/\/wheelchairvans.ca\/wp-content\/uploads\/2022\/10\/7-w-optional-seating-300x135.png 300w\" sizes=\"(max-width: 400px) 100vw, 400px\" \/>\t\t\t\t\t\t\t\t\t\t\t\t\t\t\t<\/div>\n\t\t\t\t<\/div>\n\t\t\t\t<div class=\"elementor-element elementor-element-6fc6dfdd elementor-widget elementor-widget-text-editor\" data-id=\"6fc6dfdd\" data-element_type=\"widget\" data-e-type=\"widget\" data-widget_type=\"text-editor.default\">\n\t\t\t\t<div class=\"elementor-widget-container\">\n\t\t\t\t\t\t\t\t\t<p><strong>Si\u00e8ges OEM + banc \u00e0 2 personnes de la troisi\u00e8me rang\u00e9e en option<\/strong><\/p>\n\t\t\t\t\t\t\t\t<\/div>\n\t\t\t\t<\/div>\n\t\t\t\t<div class=\"elementor-element elementor-element-1d039495 elementor-widget elementor-widget-text-editor\" data-id=\"1d039495\" data-element_type=\"widget\" data-e-type=\"widget\" data-widget_type=\"text-editor.default\">\n\t\t\t\t<div class=\"elementor-widget-container\">\n\t\t\t\t\t\t\t\t\t<p>Disponible en mini-fourgonnettes Toyota Sienna et Dodge\/Chrysler<\/p>\n\t\t\t\t\t\t\t\t<\/div>\n\t\t\t\t<\/div>\n\t\t\t\t\t<\/div>\n\t\t<\/div>\n\t\t\t\t<div class=\"elementor-column elementor-col-25 elementor-inner-column elementor-element elementor-element-2a995e9\" data-id=\"2a995e9\" data-element_type=\"column\" data-e-type=\"column\" data-settings=\"{&quot;background_background&quot;:&quot;classic&quot;}\">\n\t\t\t<div class=\"elementor-widget-wrap elementor-element-populated\">\n\t\t\t\t\t\t<div class=\"elementor-element elementor-element-14a9d03a elementor-widget elementor-widget-heading\" data-id=\"14a9d03a\" data-element_type=\"widget\" data-e-type=\"widget\" data-widget_type=\"heading.default\">\n\t\t\t\t<div class=\"elementor-widget-container\">\n\t\t\t\t\t<h4 class=\"elementor-heading-title elementor-size-default\">5 + 1 Passagers<\/h4>\t\t\t\t<\/div>\n\t\t\t\t<\/div>\n\t\t\t\t<div class=\"elementor-element elementor-element-69940554 elementor-widget elementor-widget-image\" data-id=\"69940554\" data-element_type=\"widget\" data-e-type=\"widget\" data-widget_type=\"image.default\">\n\t\t\t\t<div class=\"elementor-widget-container\">\n\t\t\t\t\t\t\t\t\t\t\t\t\t\t\t<img loading=\"lazy\" decoding=\"async\" width=\"400\" height=\"180\" src=\"https:\/\/wheelchairvans.ca\/wp-content\/uploads\/2022\/10\/5-1-seating.png\" class=\"attachment-full size-full wp-image-10514\" alt=\"\" srcset=\"https:\/\/wheelchairvans.ca\/wp-content\/uploads\/2022\/10\/5-1-seating.png 400w, https:\/\/wheelchairvans.ca\/wp-content\/uploads\/2022\/10\/5-1-seating-300x135.png 300w\" sizes=\"(max-width: 400px) 100vw, 400px\" \/>\t\t\t\t\t\t\t\t\t\t\t\t\t\t\t<\/div>\n\t\t\t\t<\/div>\n\t\t\t\t<div class=\"elementor-element elementor-element-39c105d6 elementor-widget elementor-widget-text-editor\" data-id=\"39c105d6\" data-element_type=\"widget\" data-e-type=\"widget\" data-widget_type=\"text-editor.default\">\n\t\t\t\t<div class=\"elementor-widget-container\">\n\t\t\t\t\t\t\t\t\t<p><strong>Si\u00e8ges OEM<\/strong><\/p>\n\t\t\t\t\t\t\t\t<\/div>\n\t\t\t\t<\/div>\n\t\t\t\t<div class=\"elementor-element elementor-element-58cf20ae elementor-widget elementor-widget-text-editor\" data-id=\"58cf20ae\" data-element_type=\"widget\" data-e-type=\"widget\" data-widget_type=\"text-editor.default\">\n\t\t\t\t<div class=\"elementor-widget-container\">\n\t\t\t\t\t\t\t\t\t<p>Disponible en mini-fourgonnettes Toyota Sienna et Dodge\/Chrysler<\/p>\n\t\t\t\t\t\t\t\t<\/div>\n\t\t\t\t<\/div>\n\t\t\t\t\t<\/div>\n\t\t<\/div>\n\t\t\t\t<div class=\"elementor-column elementor-col-25 elementor-inner-column elementor-element elementor-element-61d50921\" data-id=\"61d50921\" data-element_type=\"column\" data-e-type=\"column\" data-settings=\"{&quot;background_background&quot;:&quot;classic&quot;}\">\n\t\t\t<div class=\"elementor-widget-wrap elementor-element-populated\">\n\t\t\t\t\t\t<div class=\"elementor-element elementor-element-6a0dae25 elementor-widget elementor-widget-heading\" data-id=\"6a0dae25\" data-element_type=\"widget\" data-e-type=\"widget\" data-widget_type=\"heading.default\">\n\t\t\t\t<div class=\"elementor-widget-container\">\n\t\t\t\t\t<h4 class=\"elementor-heading-title elementor-size-default\">2 + 2 passagers<\/h4>\t\t\t\t<\/div>\n\t\t\t\t<\/div>\n\t\t\t\t<div class=\"elementor-element elementor-element-2b4bcff9 elementor-widget elementor-widget-image\" data-id=\"2b4bcff9\" data-element_type=\"widget\" data-e-type=\"widget\" data-widget_type=\"image.default\">\n\t\t\t\t<div class=\"elementor-widget-container\">\n\t\t\t\t\t\t\t\t\t\t\t\t\t\t\t<img loading=\"lazy\" decoding=\"async\" width=\"400\" height=\"180\" src=\"https:\/\/wheelchairvans.ca\/wp-content\/uploads\/2022\/10\/2-2-seating.png\" class=\"attachment-full size-full wp-image-10513\" alt=\"\" srcset=\"https:\/\/wheelchairvans.ca\/wp-content\/uploads\/2022\/10\/2-2-seating.png 400w, https:\/\/wheelchairvans.ca\/wp-content\/uploads\/2022\/10\/2-2-seating-300x135.png 300w\" sizes=\"(max-width: 400px) 100vw, 400px\" \/>\t\t\t\t\t\t\t\t\t\t\t\t\t\t\t<\/div>\n\t\t\t\t<\/div>\n\t\t\t\t<div class=\"elementor-element elementor-element-2b3a521 elementor-widget elementor-widget-text-editor\" data-id=\"2b3a521\" data-element_type=\"widget\" data-e-type=\"widget\" data-widget_type=\"text-editor.default\">\n\t\t\t\t<div class=\"elementor-widget-container\">\n\t\t\t\t\t\t\t\t\t<p>Disponible dans les mini-fourgonnettes Dodge \/ Chrysler<\/p>\n\t\t\t\t\t\t\t\t<\/div>\n\t\t\t\t<\/div>\n\t\t\t\t\t<\/div>\n\t\t<\/div>\n\t\t\t\t<div class=\"elementor-column elementor-col-25 elementor-inner-column elementor-element elementor-element-4a2e62d6\" data-id=\"4a2e62d6\" data-element_type=\"column\" data-e-type=\"column\" data-settings=\"{&quot;background_background&quot;:&quot;classic&quot;}\">\n\t\t\t<div class=\"elementor-widget-wrap elementor-element-populated\">\n\t\t\t\t\t\t<div class=\"elementor-element elementor-element-7416ba9f elementor-widget elementor-widget-heading\" data-id=\"7416ba9f\" data-element_type=\"widget\" data-e-type=\"widget\" data-widget_type=\"heading.default\">\n\t\t\t\t<div class=\"elementor-widget-container\">\n\t\t\t\t\t<h4 class=\"elementor-heading-title elementor-size-default\">4 + 1 Passagers<\/h4>\t\t\t\t<\/div>\n\t\t\t\t<\/div>\n\t\t\t\t<div class=\"elementor-element elementor-element-52f362e elementor-widget elementor-widget-image\" data-id=\"52f362e\" data-element_type=\"widget\" data-e-type=\"widget\" data-widget_type=\"image.default\">\n\t\t\t\t<div class=\"elementor-widget-container\">\n\t\t\t\t\t\t\t\t\t\t\t\t\t\t\t<img loading=\"lazy\" decoding=\"async\" width=\"400\" height=\"180\" src=\"https:\/\/wheelchairvans.ca\/wp-content\/uploads\/2022\/10\/4-1-seating.png\" class=\"attachment-full size-full wp-image-10512\" alt=\"\" srcset=\"https:\/\/wheelchairvans.ca\/wp-content\/uploads\/2022\/10\/4-1-seating.png 400w, https:\/\/wheelchairvans.ca\/wp-content\/uploads\/2022\/10\/4-1-seating-300x135.png 300w\" sizes=\"(max-width: 400px) 100vw, 400px\" \/>\t\t\t\t\t\t\t\t\t\t\t\t\t\t\t<\/div>\n\t\t\t\t<\/div>\n\t\t\t\t<div class=\"elementor-element elementor-element-5f9abd17 elementor-widget elementor-widget-text-editor\" data-id=\"5f9abd17\" data-element_type=\"widget\" data-e-type=\"widget\" data-widget_type=\"text-editor.default\">\n\t\t\t\t<div class=\"elementor-widget-container\">\n\t\t\t\t\t\t\t\t\t<p>Disponible dans les mini-fourgonnettes Dodge \/ Chrysler<\/p>\n\t\t\t\t\t\t\t\t<\/div>\n\t\t\t\t<\/div>\n\t\t\t\t\t<\/div>\n\t\t<\/div>\n\t\t\t\t\t<\/div>\n\t\t<\/section>\n\t\t\t\t\t<\/div>\n\t\t<\/div>\n\t\t\t\t\t<\/div>\n\t\t<\/section>\n\t\t\t\t<section class=\"elementor-section elementor-top-section elementor-element elementor-element-ab57b95 elementor-section-boxed elementor-section-height-default elementor-section-height-default\" data-id=\"ab57b95\" data-element_type=\"section\" data-e-type=\"section\" data-settings=\"{&quot;background_background&quot;:&quot;classic&quot;,&quot;shape_divider_bottom&quot;:&quot;triangle&quot;}\">\n\t\t\t\t\t\t\t<div class=\"elementor-background-overlay\"><\/div>\n\t\t\t\t\t\t<div class=\"elementor-shape elementor-shape-bottom\" aria-hidden=\"true\" data-negative=\"false\">\n\t\t\t<svg xmlns=\"http:\/\/www.w3.org\/2000\/svg\" viewBox=\"0 0 1000 100\" preserveAspectRatio=\"none\">\n\t<path class=\"elementor-shape-fill\" d=\"M500,98.9L0,6.1V0h1000v6.1L500,98.9z\"\/>\n<\/svg>\t\t<\/div>\n\t\t\t\t\t<div class=\"elementor-container elementor-column-gap-default\">\n\t\t\t\t\t<div class=\"elementor-column elementor-col-100 elementor-top-column elementor-element elementor-element-8ab37d2\" data-id=\"8ab37d2\" data-element_type=\"column\" data-e-type=\"column\">\n\t\t\t<div class=\"elementor-widget-wrap elementor-element-populated\">\n\t\t\t\t\t\t<div class=\"elementor-element elementor-element-96c207f elementor-widget elementor-widget-heading\" data-id=\"96c207f\" data-element_type=\"widget\" data-e-type=\"widget\" data-widget_type=\"heading.default\">\n\t\t\t\t<div class=\"elementor-widget-container\">\n\t\t\t\t\t<h3 class=\"elementor-heading-title elementor-size-default\">Regardez la vid\u00e9o suivante sur l\u2019utilisation des r\u00e9tracteurs Q\u2019Straint<\/h3>\t\t\t\t<\/div>\n\t\t\t\t<\/div>\n\t\t\t\t<div class=\"elementor-element elementor-element-8fcbb67 elementor-widget elementor-widget-video\" data-id=\"8fcbb67\" data-element_type=\"widget\" data-e-type=\"widget\" data-settings=\"{&quot;youtube_url&quot;:&quot;https:\\\/\\\/www.youtube.com\\\/watch?v=dSdQXYyZYUc&quot;,&quot;show_image_overlay&quot;:&quot;yes&quot;,&quot;image_overlay&quot;:{&quot;url&quot;:&quot;https:\\\/\\\/wheelchairvans.ca\\\/wp-content\\\/uploads\\\/2015\\\/07\\\/cropped-050.jpg&quot;,&quot;id&quot;:1135,&quot;size&quot;:&quot;&quot;,&quot;alt&quot;:&quot;&quot;,&quot;source&quot;:&quot;library&quot;},&quot;video_type&quot;:&quot;youtube&quot;,&quot;controls&quot;:&quot;yes&quot;}\" data-widget_type=\"video.default\">\n\t\t\t\t<div class=\"elementor-widget-container\">\n\t\t\t\t\t\t\t<div class=\"elementor-wrapper elementor-open-inline\">\n\t\t\t<div class=\"elementor-video\"><\/div>\t\t\t\t<div class=\"elementor-custom-embed-image-overlay\" style=\"background-image: url(https:\/\/wheelchairvans.ca\/wp-content\/uploads\/2015\/07\/cropped-050.jpg);\">\n\t\t\t\t\t\t\t\t\t\t\t\t\t\t\t\t<div class=\"elementor-custom-embed-play\" role=\"button\" aria-label=\"Play Video\" tabindex=\"0\">\n\t\t\t\t\t\t\t<i aria-hidden=\"true\" class=\"fas fa-play-circle\"><\/i>\t\t\t\t\t\t<\/div>\n\t\t\t\t\t\t\t\t\t<\/div>\n\t\t\t\t\t<\/div>\n\t\t\t\t\t\t<\/div>\n\t\t\t\t<\/div>\n\t\t\t\t\t<\/div>\n\t\t<\/div>\n\t\t\t\t\t<\/div>\n\t\t<\/section>\n\t\t\t\t<section class=\"elementor-section elementor-top-section elementor-element elementor-element-dbd0257 elementor-section-boxed elementor-section-height-default elementor-section-height-default\" data-id=\"dbd0257\" data-element_type=\"section\" data-e-type=\"section\">\n\t\t\t\t\t\t<div class=\"elementor-container elementor-column-gap-no\">\n\t\t\t\t\t<div class=\"elementor-column elementor-col-100 elementor-top-column elementor-element elementor-element-7c7aaf1\" data-id=\"7c7aaf1\" data-element_type=\"column\" data-e-type=\"column\">\n\t\t\t<div class=\"elementor-widget-wrap elementor-element-populated\">\n\t\t\t\t\t\t<div class=\"elementor-element elementor-element-939b906 animated-fast elementor-widget-divider--view-line elementor-invisible elementor-widget elementor-widget-divider\" data-id=\"939b906\" data-element_type=\"widget\" data-e-type=\"widget\" data-settings=\"{&quot;_animation&quot;:&quot;zoomIn&quot;}\" data-widget_type=\"divider.default\">\n\t\t\t\t<div class=\"elementor-widget-container\">\n\t\t\t\t\t\t\t<div class=\"elementor-divider\">\n\t\t\t<span class=\"elementor-divider-separator\">\n\t\t\t\t\t\t<\/span>\n\t\t<\/div>\n\t\t\t\t\t\t<\/div>\n\t\t\t\t<\/div>\n\t\t\t\t<div class=\"elementor-element elementor-element-903cd4f elementor-widget elementor-widget-heading\" data-id=\"903cd4f\" data-element_type=\"widget\" data-e-type=\"widget\" data-widget_type=\"heading.default\">\n\t\t\t\t<div class=\"elementor-widget-container\">\n\t\t\t\t\t<p class=\"elementor-heading-title elementor-size-default\">En savoir plus<\/p>\t\t\t\t<\/div>\n\t\t\t\t<\/div>\n\t\t\t\t<div class=\"elementor-element elementor-element-3f05527 animated-fast elementor-widget-divider--view-line elementor-invisible elementor-widget elementor-widget-divider\" data-id=\"3f05527\" data-element_type=\"widget\" data-e-type=\"widget\" data-settings=\"{&quot;_animation&quot;:&quot;zoomIn&quot;}\" data-widget_type=\"divider.default\">\n\t\t\t\t<div class=\"elementor-widget-container\">\n\t\t\t\t\t\t\t<div class=\"elementor-divider\">\n\t\t\t<span class=\"elementor-divider-separator\">\n\t\t\t\t\t\t<\/span>\n\t\t<\/div>\n\t\t\t\t\t\t<\/div>\n\t\t\t\t<\/div>\n\t\t\t\t\t<\/div>\n\t\t<\/div>\n\t\t\t\t\t<\/div>\n\t\t<\/section>\n\t\t\t\t<section class=\"elementor-section elementor-top-section elementor-element elementor-element-0679564 elementor-section-boxed elementor-section-height-default elementor-section-height-default\" data-id=\"0679564\" data-element_type=\"section\" data-e-type=\"section\">\n\t\t\t\t\t\t<div class=\"elementor-container elementor-column-gap-no\">\n\t\t\t\t\t<div class=\"elementor-column elementor-col-25 elementor-top-column elementor-element elementor-element-ef978fe\" data-id=\"ef978fe\" data-element_type=\"column\" data-e-type=\"column\" data-settings=\"{&quot;background_background&quot;:&quot;classic&quot;}\">\n\t\t\t<div class=\"elementor-widget-wrap elementor-element-populated\">\n\t\t\t\t\t\t<div class=\"elementor-element elementor-element-8218c6d elementor-view-default elementor-position-block-start elementor-mobile-position-block-start elementor-widget elementor-widget-icon-box\" data-id=\"8218c6d\" data-element_type=\"widget\" data-e-type=\"widget\" data-widget_type=\"icon-box.default\">\n\t\t\t\t<div class=\"elementor-widget-container\">\n\t\t\t\t\t\t\t<div class=\"elementor-icon-box-wrapper\">\n\n\t\t\t\t\t\t<div class=\"elementor-icon-box-icon\">\n\t\t\t\t<a href=\"https:\/\/wheelchairvans.ca\/wp-content\/uploads\/2023\/03\/Rear-Entry-brochure-2023.pdf\" target=\"_blank\" class=\"elementor-icon elementor-animation-grow\" tabindex=\"-1\" aria-label=\"Brochure d\u2019entr\u00e9e arri\u00e8re\">\n\t\t\t\t<i aria-hidden=\"true\" class=\"far fa-file-pdf\"><\/i>\t\t\t\t<\/a>\n\t\t\t<\/div>\n\t\t\t\n\t\t\t\t\t\t<div class=\"elementor-icon-box-content\">\n\n\t\t\t\t\t\t\t\t\t<h4 class=\"elementor-icon-box-title\">\n\t\t\t\t\t\t<a href=\"https:\/\/wheelchairvans.ca\/wp-content\/uploads\/2023\/03\/Rear-Entry-brochure-2023.pdf\" target=\"_blank\" >\n\t\t\t\t\t\t\tBrochure d\u2019entr\u00e9e arri\u00e8re\t\t\t\t\t\t<\/a>\n\t\t\t\t\t<\/h4>\n\t\t\t\t\n\t\t\t\t\n\t\t\t<\/div>\n\t\t\t\n\t\t<\/div>\n\t\t\t\t\t\t<\/div>\n\t\t\t\t<\/div>\n\t\t\t\t\t<\/div>\n\t\t<\/div>\n\t\t\t\t<div class=\"elementor-column elementor-col-25 elementor-top-column elementor-element elementor-element-ac6edb8\" data-id=\"ac6edb8\" data-element_type=\"column\" data-e-type=\"column\" data-settings=\"{&quot;background_background&quot;:&quot;classic&quot;}\">\n\t\t\t<div class=\"elementor-widget-wrap elementor-element-populated\">\n\t\t\t\t\t\t<div class=\"elementor-element elementor-element-c774cfd elementor-view-default elementor-position-block-start elementor-mobile-position-block-start elementor-widget elementor-widget-icon-box\" data-id=\"c774cfd\" data-element_type=\"widget\" data-e-type=\"widget\" data-widget_type=\"icon-box.default\">\n\t\t\t\t<div class=\"elementor-widget-container\">\n\t\t\t\t\t\t\t<div class=\"elementor-icon-box-wrapper\">\n\n\t\t\t\t\t\t<div class=\"elementor-icon-box-icon\">\n\t\t\t\t<a href=\"\/wp-content\/uploads\/2018\/06\/SVGRearEntryManual_2018-WEB.pdf\" target=\"_blank\" class=\"elementor-icon elementor-animation-grow\" tabindex=\"-1\" aria-label=\"Manuel du propri\u00e9taire de l\u2019entr\u00e9e arri\u00e8re\">\n\t\t\t\t<i aria-hidden=\"true\" class=\"fas fa-book-open\"><\/i>\t\t\t\t<\/a>\n\t\t\t<\/div>\n\t\t\t\n\t\t\t\t\t\t<div class=\"elementor-icon-box-content\">\n\n\t\t\t\t\t\t\t\t\t<h4 class=\"elementor-icon-box-title\">\n\t\t\t\t\t\t<a href=\"\/wp-content\/uploads\/2018\/06\/SVGRearEntryManual_2018-WEB.pdf\" target=\"_blank\" >\n\t\t\t\t\t\t\tManuel du propri\u00e9taire de l\u2019entr\u00e9e arri\u00e8re\t\t\t\t\t\t<\/a>\n\t\t\t\t\t<\/h4>\n\t\t\t\t\n\t\t\t\t\n\t\t\t<\/div>\n\t\t\t\n\t\t<\/div>\n\t\t\t\t\t\t<\/div>\n\t\t\t\t<\/div>\n\t\t\t\t\t<\/div>\n\t\t<\/div>\n\t\t\t\t<div class=\"elementor-column elementor-col-25 elementor-top-column elementor-element elementor-element-9047cf4\" data-id=\"9047cf4\" data-element_type=\"column\" data-e-type=\"column\" data-settings=\"{&quot;background_background&quot;:&quot;classic&quot;}\">\n\t\t\t<div class=\"elementor-widget-wrap elementor-element-populated\">\n\t\t\t\t\t\t<div class=\"elementor-element elementor-element-bdd81b0 elementor-view-default elementor-position-block-start elementor-mobile-position-block-start elementor-widget elementor-widget-icon-box\" data-id=\"bdd81b0\" data-element_type=\"widget\" data-e-type=\"widget\" data-widget_type=\"icon-box.default\">\n\t\t\t\t<div class=\"elementor-widget-container\">\n\t\t\t\t\t\t\t<div class=\"elementor-icon-box-wrapper\">\n\n\t\t\t\t\t\t<div class=\"elementor-icon-box-icon\">\n\t\t\t\t<a href=\"https:\/\/wheelchairvans.ca\/contact-us\/\" class=\"elementor-icon elementor-animation-grow\" tabindex=\"-1\" aria-label=\"Trouver un concessionnaire\">\n\t\t\t\t<i aria-hidden=\"true\" class=\"fas fa-search\"><\/i>\t\t\t\t<\/a>\n\t\t\t<\/div>\n\t\t\t\n\t\t\t\t\t\t<div class=\"elementor-icon-box-content\">\n\n\t\t\t\t\t\t\t\t\t<h4 class=\"elementor-icon-box-title\">\n\t\t\t\t\t\t<a href=\"https:\/\/wheelchairvans.ca\/contact-us\/\" >\n\t\t\t\t\t\t\tTrouver un concessionnaire\t\t\t\t\t\t<\/a>\n\t\t\t\t\t<\/h4>\n\t\t\t\t\n\t\t\t\t\n\t\t\t<\/div>\n\t\t\t\n\t\t<\/div>\n\t\t\t\t\t\t<\/div>\n\t\t\t\t<\/div>\n\t\t\t\t\t<\/div>\n\t\t<\/div>\n\t\t\t\t<div class=\"elementor-column elementor-col-25 elementor-top-column elementor-element elementor-element-22ff629\" data-id=\"22ff629\" data-element_type=\"column\" data-e-type=\"column\" data-settings=\"{&quot;background_background&quot;:&quot;classic&quot;}\">\n\t\t\t<div class=\"elementor-widget-wrap elementor-element-populated\">\n\t\t\t\t\t\t<div class=\"elementor-element elementor-element-ed60161 elementor-view-default elementor-position-block-start elementor-mobile-position-block-start elementor-widget elementor-widget-icon-box\" data-id=\"ed60161\" data-element_type=\"widget\" data-e-type=\"widget\" data-widget_type=\"icon-box.default\">\n\t\t\t\t<div class=\"elementor-widget-container\">\n\t\t\t\t\t\t\t<div class=\"elementor-icon-box-wrapper\">\n\n\t\t\t\t\t\t<div class=\"elementor-icon-box-icon\">\n\t\t\t\t<a href=\"https:\/\/wheelchairvans.ca\/inventory\/\" class=\"elementor-icon elementor-animation-grow\" tabindex=\"-1\" aria-label=\"Voir notre inventaire\">\n\t\t\t\t<i aria-hidden=\"true\" class=\"fas fa-shuttle-van\"><\/i>\t\t\t\t<\/a>\n\t\t\t<\/div>\n\t\t\t\n\t\t\t\t\t\t<div class=\"elementor-icon-box-content\">\n\n\t\t\t\t\t\t\t\t\t<h4 class=\"elementor-icon-box-title\">\n\t\t\t\t\t\t<a href=\"https:\/\/wheelchairvans.ca\/inventory\/\" >\n\t\t\t\t\t\t\tVoir notre inventaire\t\t\t\t\t\t<\/a>\n\t\t\t\t\t<\/h4>\n\t\t\t\t\n\t\t\t\t\n\t\t\t<\/div>\n\t\t\t\n\t\t<\/div>\n\t\t\t\t\t\t<\/div>\n\t\t\t\t<\/div>\n\t\t\t\t\t<\/div>\n\t\t<\/div>\n\t\t\t\t\t<\/div>\n\t\t<\/section>\n\t\t\t\t<\/div>\n\t\t","protected":false},"excerpt":{"rendered":"<p>Avec une rampe et une entr\u00e9e ultra larges, le v\u00e9hicule accueille facilement les passagers en fauteuil roulant pour entrer et sortir. Que vous ayez besoin d\u2019un v\u00e9hicule \u00e0 usage commercial ou d\u2019une accessibilit\u00e9 \u00e0 usage familial, la conception d\u2019entr\u00e9e arri\u00e8re offre un acc\u00e8s facile pour les mod\u00e8les de mini-fourgonnettes Toyota Sienna, Dodge Caravan et Chrysler [&hellip;]<\/p>\n","protected":false},"author":4,"featured_media":0,"parent":0,"menu_order":0,"comment_status":"closed","ping_status":"closed","template":"elementor_header_footer","meta":{"footnotes":""},"class_list":["post-10508","page","type-page","status-publish","hentry"],"yoast_head":"<!-- This site is optimized with the Yoast SEO Premium plugin v27.4 (Yoast SEO v27.4) - https:\/\/yoast.com\/product\/yoast-seo-premium-wordpress\/ -->\n<title>Mini-fourgonnette accessible en fauteuil roulant d\u2019entr\u00e9e arri\u00e8re | V\u00e9hicules Savaria<\/title>\n<meta name=\"description\" content=\"Une mini-fourgonnette accessible \u00e0 l\u2019entr\u00e9e arri\u00e8re permet d\u2019acc\u00e9der par une rampe arri\u00e8re pliante facile \u00e0 utiliser. Savaria propose des fourgonnettes d\u2019entr\u00e9e arri\u00e8re \u00e0 plancher court et long.\" \/>\n<meta name=\"robots\" content=\"index, follow, max-snippet:-1, max-image-preview:large, max-video-preview:-1\" \/>\n<link rel=\"canonical\" href=\"https:\/\/wheelchairvans.ca\/fr-ca\/conversion-du-vehicule-dentree-arriere\/\" \/>\n<meta property=\"og:locale\" content=\"fr_CA\" \/>\n<meta property=\"og:type\" content=\"article\" \/>\n<meta property=\"og:title\" content=\"Conversion du v\u00e9hicule d\u2019entr\u00e9e arri\u00e8re\" \/>\n<meta property=\"og:description\" content=\"Une mini-fourgonnette accessible \u00e0 l\u2019entr\u00e9e arri\u00e8re permet d\u2019acc\u00e9der par une rampe arri\u00e8re pliante facile \u00e0 utiliser. Savaria propose des fourgonnettes d\u2019entr\u00e9e arri\u00e8re \u00e0 plancher court et long.\" \/>\n<meta property=\"og:url\" content=\"https:\/\/wheelchairvans.ca\/fr-ca\/conversion-du-vehicule-dentree-arriere\/\" \/>\n<meta property=\"og:site_name\" content=\"Driverge Canada ULC\" \/>\n<meta property=\"article:publisher\" content=\"https:\/\/www.facebook.com\/savariabettermobility\" \/>\n<meta property=\"article:modified_time\" content=\"2025-01-17T21:24:58+00:00\" \/>\n<meta property=\"og:image\" content=\"https:\/\/wheelchairvans.ca\/wp-content\/uploads\/2022\/10\/toyota-sienna-rear-entry.png\" \/>\n\t<meta property=\"og:image:width\" content=\"1095\" \/>\n\t<meta property=\"og:image:height\" content=\"624\" \/>\n\t<meta property=\"og:image:type\" content=\"image\/png\" \/>\n<meta name=\"twitter:card\" content=\"summary_large_image\" \/>\n<meta name=\"twitter:site\" content=\"@mobilityforlife\" \/>\n<meta name=\"twitter:label1\" content=\"Est. reading time\" \/>\n\t<meta name=\"twitter:data1\" content=\"4 minutes\" \/>\n<script type=\"application\/ld+json\" class=\"yoast-schema-graph\">{\"@context\":\"https:\\\/\\\/schema.org\",\"@graph\":[{\"@type\":\"WebPage\",\"@id\":\"https:\\\/\\\/wheelchairvans.ca\\\/fr-ca\\\/conversion-du-vehicule-dentree-arriere\\\/\",\"url\":\"https:\\\/\\\/wheelchairvans.ca\\\/fr-ca\\\/conversion-du-vehicule-dentree-arriere\\\/\",\"name\":\"Mini-fourgonnette accessible en fauteuil roulant d\u2019entr\u00e9e arri\u00e8re | V\u00e9hicules Savaria\",\"isPartOf\":{\"@id\":\"https:\\\/\\\/wheelchairvans.ca\\\/fr-ca\\\/#website\"},\"primaryImageOfPage\":{\"@id\":\"https:\\\/\\\/wheelchairvans.ca\\\/fr-ca\\\/conversion-du-vehicule-dentree-arriere\\\/#primaryimage\"},\"image\":{\"@id\":\"https:\\\/\\\/wheelchairvans.ca\\\/fr-ca\\\/conversion-du-vehicule-dentree-arriere\\\/#primaryimage\"},\"thumbnailUrl\":\"https:\\\/\\\/wheelchairvans.ca\\\/wp-content\\\/uploads\\\/2022\\\/10\\\/toyota-sienna-rear-entry.png\",\"datePublished\":\"2022-06-09T17:27:08+00:00\",\"dateModified\":\"2025-01-17T21:24:58+00:00\",\"description\":\"Une mini-fourgonnette accessible \u00e0 l\u2019entr\u00e9e arri\u00e8re permet d\u2019acc\u00e9der par une rampe arri\u00e8re pliante facile \u00e0 utiliser. Savaria propose des fourgonnettes d\u2019entr\u00e9e arri\u00e8re \u00e0 plancher court et long.\",\"breadcrumb\":{\"@id\":\"https:\\\/\\\/wheelchairvans.ca\\\/fr-ca\\\/conversion-du-vehicule-dentree-arriere\\\/#breadcrumb\"},\"inLanguage\":\"fr-CA\",\"potentialAction\":[{\"@type\":\"ReadAction\",\"target\":[\"https:\\\/\\\/wheelchairvans.ca\\\/fr-ca\\\/conversion-du-vehicule-dentree-arriere\\\/\"]}]},{\"@type\":\"ImageObject\",\"inLanguage\":\"fr-CA\",\"@id\":\"https:\\\/\\\/wheelchairvans.ca\\\/fr-ca\\\/conversion-du-vehicule-dentree-arriere\\\/#primaryimage\",\"url\":\"https:\\\/\\\/wheelchairvans.ca\\\/wp-content\\\/uploads\\\/2022\\\/10\\\/toyota-sienna-rear-entry.png\",\"contentUrl\":\"https:\\\/\\\/wheelchairvans.ca\\\/wp-content\\\/uploads\\\/2022\\\/10\\\/toyota-sienna-rear-entry.png\"},{\"@type\":\"BreadcrumbList\",\"@id\":\"https:\\\/\\\/wheelchairvans.ca\\\/fr-ca\\\/conversion-du-vehicule-dentree-arriere\\\/#breadcrumb\",\"itemListElement\":[{\"@type\":\"ListItem\",\"position\":1,\"name\":\"Home\",\"item\":\"https:\\\/\\\/wheelchairvans.ca\\\/fr-ca\\\/accueil\\\/\"},{\"@type\":\"ListItem\",\"position\":2,\"name\":\"Conversion du v\u00e9hicule d\u2019entr\u00e9e arri\u00e8re\"}]},{\"@type\":\"WebSite\",\"@id\":\"https:\\\/\\\/wheelchairvans.ca\\\/fr-ca\\\/#website\",\"url\":\"https:\\\/\\\/wheelchairvans.ca\\\/fr-ca\\\/\",\"name\":\"Driverge Canada ULC\",\"description\":\"\",\"publisher\":{\"@id\":\"https:\\\/\\\/wheelchairvans.ca\\\/fr-ca\\\/#organization\"},\"potentialAction\":[{\"@type\":\"SearchAction\",\"target\":{\"@type\":\"EntryPoint\",\"urlTemplate\":\"https:\\\/\\\/wheelchairvans.ca\\\/fr-ca\\\/?s={search_term_string}\"},\"query-input\":{\"@type\":\"PropertyValueSpecification\",\"valueRequired\":true,\"valueName\":\"search_term_string\"}}],\"inLanguage\":\"fr-CA\"},{\"@type\":\"Organization\",\"@id\":\"https:\\\/\\\/wheelchairvans.ca\\\/fr-ca\\\/#organization\",\"name\":\"Driverge Canada ULC\",\"url\":\"https:\\\/\\\/wheelchairvans.ca\\\/fr-ca\\\/\",\"logo\":{\"@type\":\"ImageObject\",\"inLanguage\":\"fr-CA\",\"@id\":\"https:\\\/\\\/wheelchairvans.ca\\\/fr-ca\\\/#\\\/schema\\\/logo\\\/image\\\/\",\"url\":\"https:\\\/\\\/wheelchairvans.ca\\\/wp-content\\\/uploads\\\/2025\\\/09\\\/driverge-canada-logo-2.png\",\"contentUrl\":\"https:\\\/\\\/wheelchairvans.ca\\\/wp-content\\\/uploads\\\/2025\\\/09\\\/driverge-canada-logo-2.png\",\"width\":800,\"height\":195,\"caption\":\"Driverge Canada ULC\"},\"image\":{\"@id\":\"https:\\\/\\\/wheelchairvans.ca\\\/fr-ca\\\/#\\\/schema\\\/logo\\\/image\\\/\"},\"sameAs\":[\"https:\\\/\\\/www.facebook.com\\\/savariabettermobility\",\"https:\\\/\\\/x.com\\\/mobilityforlife\",\"https:\\\/\\\/www.linkedin.com\\\/company\\\/savaria\\\/\"]}]}<\/script>\n<!-- \/ Yoast SEO Premium plugin. -->","yoast_head_json":{"title":"Mini-fourgonnette accessible en fauteuil roulant d\u2019entr\u00e9e arri\u00e8re | V\u00e9hicules Savaria","description":"Une mini-fourgonnette accessible \u00e0 l\u2019entr\u00e9e arri\u00e8re permet d\u2019acc\u00e9der par une rampe arri\u00e8re pliante facile \u00e0 utiliser. Savaria propose des fourgonnettes d\u2019entr\u00e9e arri\u00e8re \u00e0 plancher court et long.","robots":{"index":"index","follow":"follow","max-snippet":"max-snippet:-1","max-image-preview":"max-image-preview:large","max-video-preview":"max-video-preview:-1"},"canonical":"https:\/\/wheelchairvans.ca\/fr-ca\/conversion-du-vehicule-dentree-arriere\/","og_locale":"fr_CA","og_type":"article","og_title":"Conversion du v\u00e9hicule d\u2019entr\u00e9e arri\u00e8re","og_description":"Une mini-fourgonnette accessible \u00e0 l\u2019entr\u00e9e arri\u00e8re permet d\u2019acc\u00e9der par une rampe arri\u00e8re pliante facile \u00e0 utiliser. Savaria propose des fourgonnettes d\u2019entr\u00e9e arri\u00e8re \u00e0 plancher court et long.","og_url":"https:\/\/wheelchairvans.ca\/fr-ca\/conversion-du-vehicule-dentree-arriere\/","og_site_name":"Driverge Canada ULC","article_publisher":"https:\/\/www.facebook.com\/savariabettermobility","article_modified_time":"2025-01-17T21:24:58+00:00","og_image":[{"width":1095,"height":624,"url":"https:\/\/wheelchairvans.ca\/wp-content\/uploads\/2022\/10\/toyota-sienna-rear-entry.png","type":"image\/png"}],"twitter_card":"summary_large_image","twitter_site":"@mobilityforlife","twitter_misc":{"Est. reading time":"4 minutes"},"schema":{"@context":"https:\/\/schema.org","@graph":[{"@type":"WebPage","@id":"https:\/\/wheelchairvans.ca\/fr-ca\/conversion-du-vehicule-dentree-arriere\/","url":"https:\/\/wheelchairvans.ca\/fr-ca\/conversion-du-vehicule-dentree-arriere\/","name":"Mini-fourgonnette accessible en fauteuil roulant d\u2019entr\u00e9e arri\u00e8re | V\u00e9hicules Savaria","isPartOf":{"@id":"https:\/\/wheelchairvans.ca\/fr-ca\/#website"},"primaryImageOfPage":{"@id":"https:\/\/wheelchairvans.ca\/fr-ca\/conversion-du-vehicule-dentree-arriere\/#primaryimage"},"image":{"@id":"https:\/\/wheelchairvans.ca\/fr-ca\/conversion-du-vehicule-dentree-arriere\/#primaryimage"},"thumbnailUrl":"https:\/\/wheelchairvans.ca\/wp-content\/uploads\/2022\/10\/toyota-sienna-rear-entry.png","datePublished":"2022-06-09T17:27:08+00:00","dateModified":"2025-01-17T21:24:58+00:00","description":"Une mini-fourgonnette accessible \u00e0 l\u2019entr\u00e9e arri\u00e8re permet d\u2019acc\u00e9der par une rampe arri\u00e8re pliante facile \u00e0 utiliser. Savaria propose des fourgonnettes d\u2019entr\u00e9e arri\u00e8re \u00e0 plancher court et long.","breadcrumb":{"@id":"https:\/\/wheelchairvans.ca\/fr-ca\/conversion-du-vehicule-dentree-arriere\/#breadcrumb"},"inLanguage":"fr-CA","potentialAction":[{"@type":"ReadAction","target":["https:\/\/wheelchairvans.ca\/fr-ca\/conversion-du-vehicule-dentree-arriere\/"]}]},{"@type":"ImageObject","inLanguage":"fr-CA","@id":"https:\/\/wheelchairvans.ca\/fr-ca\/conversion-du-vehicule-dentree-arriere\/#primaryimage","url":"https:\/\/wheelchairvans.ca\/wp-content\/uploads\/2022\/10\/toyota-sienna-rear-entry.png","contentUrl":"https:\/\/wheelchairvans.ca\/wp-content\/uploads\/2022\/10\/toyota-sienna-rear-entry.png"},{"@type":"BreadcrumbList","@id":"https:\/\/wheelchairvans.ca\/fr-ca\/conversion-du-vehicule-dentree-arriere\/#breadcrumb","itemListElement":[{"@type":"ListItem","position":1,"name":"Home","item":"https:\/\/wheelchairvans.ca\/fr-ca\/accueil\/"},{"@type":"ListItem","position":2,"name":"Conversion du v\u00e9hicule d\u2019entr\u00e9e arri\u00e8re"}]},{"@type":"WebSite","@id":"https:\/\/wheelchairvans.ca\/fr-ca\/#website","url":"https:\/\/wheelchairvans.ca\/fr-ca\/","name":"Driverge Canada ULC","description":"","publisher":{"@id":"https:\/\/wheelchairvans.ca\/fr-ca\/#organization"},"potentialAction":[{"@type":"SearchAction","target":{"@type":"EntryPoint","urlTemplate":"https:\/\/wheelchairvans.ca\/fr-ca\/?s={search_term_string}"},"query-input":{"@type":"PropertyValueSpecification","valueRequired":true,"valueName":"search_term_string"}}],"inLanguage":"fr-CA"},{"@type":"Organization","@id":"https:\/\/wheelchairvans.ca\/fr-ca\/#organization","name":"Driverge Canada ULC","url":"https:\/\/wheelchairvans.ca\/fr-ca\/","logo":{"@type":"ImageObject","inLanguage":"fr-CA","@id":"https:\/\/wheelchairvans.ca\/fr-ca\/#\/schema\/logo\/image\/","url":"https:\/\/wheelchairvans.ca\/wp-content\/uploads\/2025\/09\/driverge-canada-logo-2.png","contentUrl":"https:\/\/wheelchairvans.ca\/wp-content\/uploads\/2025\/09\/driverge-canada-logo-2.png","width":800,"height":195,"caption":"Driverge Canada ULC"},"image":{"@id":"https:\/\/wheelchairvans.ca\/fr-ca\/#\/schema\/logo\/image\/"},"sameAs":["https:\/\/www.facebook.com\/savariabettermobility","https:\/\/x.com\/mobilityforlife","https:\/\/www.linkedin.com\/company\/savaria\/"]}]}},"_links":{"self":[{"href":"https:\/\/wheelchairvans.ca\/fr-ca\/wp-json\/wp\/v2\/pages\/10508","targetHints":{"allow":["GET"]}}],"collection":[{"href":"https:\/\/wheelchairvans.ca\/fr-ca\/wp-json\/wp\/v2\/pages"}],"about":[{"href":"https:\/\/wheelchairvans.ca\/fr-ca\/wp-json\/wp\/v2\/types\/page"}],"author":[{"embeddable":true,"href":"https:\/\/wheelchairvans.ca\/fr-ca\/wp-json\/wp\/v2\/users\/4"}],"replies":[{"embeddable":true,"href":"https:\/\/wheelchairvans.ca\/fr-ca\/wp-json\/wp\/v2\/comments?post=10508"}],"version-history":[{"count":0,"href":"https:\/\/wheelchairvans.ca\/fr-ca\/wp-json\/wp\/v2\/pages\/10508\/revisions"}],"wp:attachment":[{"href":"https:\/\/wheelchairvans.ca\/fr-ca\/wp-json\/wp\/v2\/media?parent=10508"}],"curies":[{"name":"wp","href":"https:\/\/api.w.org\/{rel}","templated":true}]}}